{"id":604,"date":"2020-10-16T17:32:02","date_gmt":"2020-10-16T17:32:02","guid":{"rendered":"http:\/\/www.kometafilms.com\/?page_id=604"},"modified":"2024-12-24T10:37:38","modified_gmt":"2024-12-24T10:37:38","slug":"scscteam","status":"publish","type":"page","link":"https:\/\/www.kometafilms.com\/fr\/scscteam\/","title":{"rendered":"SCSCteam"},"content":{"rendered":"<div data-elementor-type=\"wp-page\" data-elementor-id=\"604\" class=\"elementor elementor-604\">\n\t\t\t\t\t\t<section class=\"elementor-section elementor-top-section elementor-element elementor-element-f70a5d8 elementor-section-boxed elementor-section-height-default elementor-section-height-default\" data-id=\"f70a5d8\" data-element_type=\"section\" data-e-type=\"section\" data-settings=\"{&quot;background_background&quot;:&quot;classic&quot;}\">\n\t\t\t\t\t\t<div class=\"elementor-container elementor-column-gap-no\">\n\t\t\t\t\t<div class=\"elementor-column elementor-col-25 elementor-top-column elementor-element elementor-element-f3130ba\" data-id=\"f3130ba\" data-element_type=\"column\" data-e-type=\"column\">\n\t\t\t<div class=\"elementor-widget-wrap elementor-element-populated\">\n\t\t\t\t\t\t<div class=\"elementor-element elementor-element-ae25915 elementor-position-top elementor-widget elementor-widget-image-box\" data-id=\"ae25915\" data-element_type=\"widget\" data-e-type=\"widget\" data-widget_type=\"image-box.default\">\n\t\t\t\t<div class=\"elementor-widget-container\">\n\t\t\t\t\t<div class=\"elementor-image-box-wrapper\"><figure class=\"elementor-image-box-img\"><img decoding=\"async\" width=\"150\" height=\"150\" src=\"https:\/\/www.kometafilms.com\/wp-content\/uploads\/2020\/10\/imageedit_12_7478523811-150x150.png\" class=\"attachment-thumbnail size-thumbnail wp-image-157\" alt=\"\" \/><\/figure><div class=\"elementor-image-box-content\"><h3 class=\"elementor-image-box-title\">Edyta Janczak-Hiriart<\/h3><p class=\"elementor-image-box-description\">Fondatrice<\/p><\/div><\/div>\t\t\t\t<\/div>\n\t\t\t\t<\/div>\n\t\t\t\t<div class=\"elementor-element elementor-element-c3bc953 elementor-widget-divider--view-line elementor-widget elementor-widget-divider\" data-id=\"c3bc953\" data-element_type=\"widget\" data-e-type=\"widget\" data-widget_type=\"divider.default\">\n\t\t\t\t<div class=\"elementor-widget-container\">\n\t\t\t\t\t\t\t<div class=\"elementor-divider\">\n\t\t\t<span class=\"elementor-divider-separator\">\n\t\t\t\t\t\t<\/span>\n\t\t<\/div>\n\t\t\t\t\t\t<\/div>\n\t\t\t\t<\/div>\n\t\t\t\t<div class=\"elementor-element elementor-element-cff5614 elementor-widget elementor-widget-text-editor\" data-id=\"cff5614\" data-element_type=\"widget\" data-e-type=\"widget\" data-widget_type=\"text-editor.default\">\n\t\t\t\t<div class=\"elementor-widget-container\">\n\t\t\t\t\t\t\t\t\t<p>Dipl\u00f4m\u00e9e de l\u2019Ecole du Cin\u00e9ma de Lodz (Pologne) et d\u2019un Master en \u00e9tudes cin\u00e9matographiques, elle a travaill\u00e9  aux Films du Worso, aux c\u00f4t\u00e9s de Sylvie Pialat.\nElle dirige Kometa Films et produit des long m\u00e9trages et des contenus pour la t\u00e9l\u00e9vision et les plateformes.<\/p>\t\t\t\t\t\t\t\t<\/div>\n\t\t\t\t<\/div>\n\t\t\t\t<div class=\"elementor-element elementor-element-a1ebb75 elementor-widget elementor-widget-toggle\" data-id=\"a1ebb75\" data-element_type=\"widget\" data-e-type=\"widget\" data-widget_type=\"toggle.default\">\n\t\t\t\t<div class=\"elementor-widget-container\">\n\t\t\t\t\t\t\t<div class=\"elementor-toggle\">\n\t\t\t\t\t\t\t<div class=\"elementor-toggle-item\">\n\t\t\t\t\t<div id=\"elementor-tab-title-1691\" class=\"elementor-tab-title\" data-tab=\"1\" role=\"button\" aria-controls=\"elementor-tab-content-1691\" aria-expanded=\"false\">\n\t\t\t\t\t\t\t\t\t\t\t\t<span class=\"elementor-toggle-icon elementor-toggle-icon-left\" aria-hidden=\"true\">\n\t\t\t\t\t\t\t\t\t\t\t\t\t\t\t<span class=\"elementor-toggle-icon-closed\"><svg xmlns=\"http:\/\/www.w3.org\/2000\/svg\" viewbox=\"0 0 66.71 72.28\"><defs><style>.cls-1{fill:#e52922;}<\/style><\/defs><g id=\"Calque_2\" data-name=\"Calque 2\"><g id=\"Calque_1-2\" data-name=\"Calque 1\"><path class=\"cls-1\" d=\"M.62,72.28,66.71,35.13,0,0Z\"><\/path><\/g><\/g><\/svg><\/span>\n\t\t\t\t\t\t\t\t<span class=\"elementor-toggle-icon-opened\"><i class=\"elementor-toggle-icon-opened fas fa-chevron-up\"><\/i><\/span>\n\t\t\t\t\t\t\t\t\t\t\t\t\t<\/span>\n\t\t\t\t\t\t\t\t\t\t\t\t<a class=\"elementor-toggle-title\" tabindex=\"0\">Lire plus<\/a>\n\t\t\t\t\t<\/div>\n\n\t\t\t\t\t<div id=\"elementor-tab-content-1691\" class=\"elementor-tab-content elementor-clearfix\" data-tab=\"1\" role=\"region\" aria-labelledby=\"elementor-tab-title-1691\"><span style=\"color: #ffffff;\">She worked at Les Films du Worso alongside Sylvie Pialat. She is also Script Consultant (Groupe Ouest, LIM, Atelier d\u2019Angers &#8211; Premiers Plans, Locarno Open Doors), Expert for film commissions and jury member for several festivals. She teaches film production at Paris\u2019 film schools EICAR and ESRA and is a speaker for ESCP business school.\u00a0She graduated from EAVE in 2019 and from ACE Series Special\u00a0in 2021.<span style=\"background-color: #ffffff; letter-spacing: -0.27px;\"><\/span><\/span><\/div>\n\t\t\t\t<\/div>\n\t\t\t\t\t\t\t\t<\/div>\n\t\t\t\t\t\t<\/div>\n\t\t\t\t<\/div>\n\t\t\t\t\t<\/div>\n\t\t<\/div>\n\t\t\t\t<div class=\"elementor-column elementor-col-25 elementor-top-column elementor-element elementor-element-e70d8f1\" data-id=\"e70d8f1\" data-element_type=\"column\" data-e-type=\"column\">\n\t\t\t<div class=\"elementor-widget-wrap elementor-element-populated\">\n\t\t\t\t\t\t<div class=\"elementor-element elementor-element-cc1ac11 elementor-position-top elementor-widget elementor-widget-image-box\" data-id=\"cc1ac11\" data-element_type=\"widget\" data-e-type=\"widget\" data-widget_type=\"image-box.default\">\n\t\t\t\t<div class=\"elementor-widget-container\">\n\t\t\t\t\t<div class=\"elementor-image-box-wrapper\"><figure class=\"elementor-image-box-img\"><img decoding=\"async\" width=\"150\" height=\"150\" src=\"https:\/\/www.kometafilms.com\/wp-content\/uploads\/2020\/10\/imageedit_10_2772877868-150x150.png\" class=\"attachment-thumbnail size-thumbnail wp-image-156\" alt=\"\" \/><\/figure><div class=\"elementor-image-box-content\"><h3 class=\"elementor-image-box-title\">Jennifer Sabbah-Immagine<\/h3><p class=\"elementor-image-box-description\">Fondatrice<\/p><\/div><\/div>\t\t\t\t<\/div>\n\t\t\t\t<\/div>\n\t\t\t\t<div class=\"elementor-element elementor-element-1500d87 elementor-widget-divider--view-line elementor-widget elementor-widget-divider\" data-id=\"1500d87\" data-element_type=\"widget\" data-e-type=\"widget\" data-widget_type=\"divider.default\">\n\t\t\t\t<div class=\"elementor-widget-container\">\n\t\t\t\t\t\t\t<div class=\"elementor-divider\">\n\t\t\t<span class=\"elementor-divider-separator\">\n\t\t\t\t\t\t<\/span>\n\t\t<\/div>\n\t\t\t\t\t\t<\/div>\n\t\t\t\t<\/div>\n\t\t\t\t<div class=\"elementor-element elementor-element-71070f5 elementor-widget elementor-widget-text-editor\" data-id=\"71070f5\" data-element_type=\"widget\" data-e-type=\"widget\" data-widget_type=\"text-editor.default\">\n\t\t\t\t<div class=\"elementor-widget-container\">\n\t\t\t\t\t\t\t\t\t<p><span lang=\"EN-GB\">Dipl\u00f4m\u00e9e du Master D2A (droit et management audiovisuel-Panth\u00e9on-Sorbonne) et en \u00e9tudes th\u00e9\u00e2trales et cin\u00e9matographiques (Paris III). Elle se sp\u00e9cialise dans la coproduction internationale \u00e0 la Media Business School en Espagne et en Direction Litt\u00e9raire au CEEA. Elle est membre d\u2019EAVE depuis 2009.\u00a0<\/span><\/p>\t\t\t\t\t\t\t\t<\/div>\n\t\t\t\t<\/div>\n\t\t\t\t<div class=\"elementor-element elementor-element-c564f14 elementor-widget elementor-widget-toggle\" data-id=\"c564f14\" data-element_type=\"widget\" data-e-type=\"widget\" data-widget_type=\"toggle.default\">\n\t\t\t\t<div class=\"elementor-widget-container\">\n\t\t\t\t\t\t\t<div class=\"elementor-toggle\">\n\t\t\t\t\t\t\t<div class=\"elementor-toggle-item\">\n\t\t\t\t\t<div id=\"elementor-tab-title-2061\" class=\"elementor-tab-title\" data-tab=\"1\" role=\"button\" aria-controls=\"elementor-tab-content-2061\" aria-expanded=\"false\">\n\t\t\t\t\t\t\t\t\t\t\t\t<span class=\"elementor-toggle-icon elementor-toggle-icon-left\" aria-hidden=\"true\">\n\t\t\t\t\t\t\t\t\t\t\t\t\t\t\t<span class=\"elementor-toggle-icon-closed\"><svg xmlns=\"http:\/\/www.w3.org\/2000\/svg\" viewbox=\"0 0 66.71 72.28\"><defs><style>.cls-1{fill:#e52922;}<\/style><\/defs><g id=\"Calque_2\" data-name=\"Calque 2\"><g id=\"Calque_1-2\" data-name=\"Calque 1\"><path class=\"cls-1\" d=\"M.62,72.28,66.71,35.13,0,0Z\"><\/path><\/g><\/g><\/svg><\/span>\n\t\t\t\t\t\t\t\t<span class=\"elementor-toggle-icon-opened\"><i class=\"elementor-toggle-icon-opened fas fa-chevron-up\"><\/i><\/span>\n\t\t\t\t\t\t\t\t\t\t\t\t\t<\/span>\n\t\t\t\t\t\t\t\t\t\t\t\t<a class=\"elementor-toggle-title\" tabindex=\"0\">Lire plus<\/a>\n\t\t\t\t\t<\/div>\n\n\t\t\t\t\t<div id=\"elementor-tab-content-2061\" class=\"elementor-tab-content elementor-clearfix\" data-tab=\"1\" role=\"region\" aria-labelledby=\"elementor-tab-title-2061\"><p>Elle a commenc\u00e9 sa carri\u00e8re au Th\u00e9\u00e2tre du Soleil, compagnie multiculturelle dirig\u00e9e par Ariane Mnouchkine, avant d'assister la productrice Rosalinde Deville chez Elefilm.<\/p><p class=\"translation-block\">Apr\u00e8s un an \u00e0 New-York au bureau d\u2019Unifrance, elle rejoint ADR Production o\u00f9 elle est responsable du d\u00e9partement documentaire, assurant la production ex\u00e9cutive de coproductions internationales pour le cin\u00e9ma, Arte et des diffuseurs du monde entier, entre autres M\u00e9moire d\u2019un Saccage de Fernando Solanas (Ours d'honneur \u00e0 Berlin 2003), Retour \u00e0 Kigali de J.C Klotz (Semaine de la Critique Cannes 2006), Mana de Peter Friedman. Apr\u00e8s plusieurs exp\u00e9riences au Royaume-Uni incluant Verve Pictures (distribution) et TWC (d\u00e9veloppement), elle produit des documentaires et des courts -m\u00e9trages en France et en Irlande du Nord au sein de Boa Film et Roof Raic. Elle rejoint ensuite Arsam International pendant sept ans o\u00f9 elle encadre le d\u00e9veloppement et la production de coproductions internationales d\u2019envergure, notamment I, Anna de Barnaby Southcombe, Final Portrait de Stanley Tucci, La Partition Inachev\u00e9e de Goran Paskaljevic, Cunningham 3D d'Alla Kovgan (TIFF2019). Elle est productrice associ\u00e9e de Le Syndrome Panguna d'Olivier Pollet et Alexandre Berman (nomin\u00e9 pour le prix Albert Londres en 2017). Elle a \u00e9t\u00e9 Business Affairs pour KinoElektron o\u00f9 elle est intervenue sur des longs m\u00e9trages tels que In the Dusk de Sharunas Bartas (S\u00e9lection Officielle, Cannes 2020).<\/p><p>Depuis 2008, elle produit avec Jihan El Tahri, au sein de Big Sister, des films de talents des pays africains et de la r\u00e9gion MENA comme Nasser de Jihan El Tahri (TIFF 2016) et plus r\u00e9cemment Mariner of the Mountains de Karim A\u00efnouz (S\u00e9lection Officielle, Cannes 2021). Elle produit \u00e9galement des films d\u2019auteurs au sein de Kometa Films. <em>Nasser<\/em> de Jihan El Tahri (TIFF 2016) et plus r\u00e9cemment <em>Mariner of the Mountains<\/em> by Karim A\u00efnouz (Official Selection, Cannes 2021). She also produces director driven films within Kometa Films in France.\u00a0<\/p><p>Elle est experte en strat\u00e9gies de coproduction pour des march\u00e9s de coproductions (Locarno Open Doors, Les Ateliers de l\u2019Atlas, La Fabrique du Cin\u00e9mas du Monde) et enseigne la coproduction internationale \u00e0 l\u2019ESRA et L\u2019Universit\u00e9 Internationale Gustave Eiffel.<\/p><\/div>\n\t\t\t\t<\/div>\n\t\t\t\t\t\t\t\t<\/div>\n\t\t\t\t\t\t<\/div>\n\t\t\t\t<\/div>\n\t\t\t\t\t<\/div>\n\t\t<\/div>\n\t\t\t\t<div class=\"elementor-column elementor-col-25 elementor-top-column elementor-element elementor-element-8e7e719\" data-id=\"8e7e719\" data-element_type=\"column\" data-e-type=\"column\">\n\t\t\t<div class=\"elementor-widget-wrap elementor-element-populated\">\n\t\t\t\t\t\t<div class=\"elementor-element elementor-element-27a3a85 elementor-position-top elementor-widget elementor-widget-image-box\" data-id=\"27a3a85\" data-element_type=\"widget\" data-e-type=\"widget\" data-widget_type=\"image-box.default\">\n\t\t\t\t<div class=\"elementor-widget-container\">\n\t\t\t\t\t<div class=\"elementor-image-box-wrapper\"><figure class=\"elementor-image-box-img\"><img decoding=\"async\" width=\"150\" height=\"150\" src=\"https:\/\/www.kometafilms.com\/wp-content\/uploads\/2020\/10\/imageedit_8_8070654916-150x150.png\" class=\"attachment-thumbnail size-thumbnail wp-image-155\" alt=\"\" \/><\/figure><div class=\"elementor-image-box-content\"><h3 class=\"elementor-image-box-title\">Thibaut Bracq<\/h3><p class=\"elementor-image-box-description\">Consultant<\/p><\/div><\/div>\t\t\t\t<\/div>\n\t\t\t\t<\/div>\n\t\t\t\t<div class=\"elementor-element elementor-element-a18c4c1 elementor-widget-divider--view-line elementor-widget elementor-widget-divider\" data-id=\"a18c4c1\" data-element_type=\"widget\" data-e-type=\"widget\" data-widget_type=\"divider.default\">\n\t\t\t\t<div class=\"elementor-widget-container\">\n\t\t\t\t\t\t\t<div class=\"elementor-divider\">\n\t\t\t<span class=\"elementor-divider-separator\">\n\t\t\t\t\t\t<\/span>\n\t\t<\/div>\n\t\t\t\t\t\t<\/div>\n\t\t\t\t<\/div>\n\t\t\t\t<div class=\"elementor-element elementor-element-ad947e5 elementor-widget elementor-widget-text-editor\" data-id=\"ad947e5\" data-element_type=\"widget\" data-e-type=\"widget\" data-widget_type=\"text-editor.default\">\n\t\t\t\t<div class=\"elementor-widget-container\">\n\t\t\t\t\t\t\t\t\t<p>Dipl\u00f4m\u00e9 en litt\u00e9rature, philosophie et cin\u00e9ma, Thibaut Bracq termine en 2016 un master 2 en Management des Organisations Culturelles \u00e0 l\u2019Universit\u00e9 Paris-Dauphine, en formation continue. Apr\u00e8s avoir coordonn\u00e9 les Ateliers de l'Atlas en 2019 au festival de Marrakech, il en prend la t\u00eate pour l'\u00e9dition 2020.<\/p>\t\t\t\t\t\t\t\t<\/div>\n\t\t\t\t<\/div>\n\t\t\t\t<div class=\"elementor-element elementor-element-c7453b9 elementor-widget elementor-widget-toggle\" data-id=\"c7453b9\" data-element_type=\"widget\" data-e-type=\"widget\" data-widget_type=\"toggle.default\">\n\t\t\t\t<div class=\"elementor-widget-container\">\n\t\t\t\t\t\t\t<div class=\"elementor-toggle\">\n\t\t\t\t\t\t\t<div class=\"elementor-toggle-item\">\n\t\t\t\t\t<div id=\"elementor-tab-title-2081\" class=\"elementor-tab-title\" data-tab=\"1\" role=\"button\" aria-controls=\"elementor-tab-content-2081\" aria-expanded=\"false\">\n\t\t\t\t\t\t\t\t\t\t\t\t<span class=\"elementor-toggle-icon elementor-toggle-icon-left\" aria-hidden=\"true\">\n\t\t\t\t\t\t\t\t\t\t\t\t\t\t\t<span class=\"elementor-toggle-icon-closed\"><svg xmlns=\"http:\/\/www.w3.org\/2000\/svg\" viewbox=\"0 0 66.71 72.28\"><defs><style>.cls-1{fill:#e52922;}<\/style><\/defs><g id=\"Calque_2\" data-name=\"Calque 2\"><g id=\"Calque_1-2\" data-name=\"Calque 1\"><path class=\"cls-1\" d=\"M.62,72.28,66.71,35.13,0,0Z\"><\/path><\/g><\/g><\/svg><\/span>\n\t\t\t\t\t\t\t\t<span class=\"elementor-toggle-icon-opened\"><i class=\"elementor-toggle-icon-opened fas fa-chevron-up\"><\/i><\/span>\n\t\t\t\t\t\t\t\t\t\t\t\t\t<\/span>\n\t\t\t\t\t\t\t\t\t\t\t\t<a class=\"elementor-toggle-title\" tabindex=\"0\">Lire plus<\/a>\n\t\t\t\t\t<\/div>\n\n\t\t\t\t\t<div id=\"elementor-tab-content-2081\" class=\"elementor-tab-content elementor-clearfix\" data-tab=\"1\" role=\"region\" aria-labelledby=\"elementor-tab-title-2081\"><p>Il b\u00e9n\u00e9ficie d\u2019une longue exp\u00e9rience d\u2019accompagnements de r\u00e9alisateurs et producteurs \u00e9mergents sur leurs projets de films.\nDe 2007 \u00e0 2012, il coordonne puis prend la t\u00eate de Paris Project, le march\u00e9 de coproduction du festival Paris Cin\u00e9ma. Il est programmateur pendant 13 ans au festival Premiers Plans d\u2019Angers (2007-2019) et y coordonne les Ateliers d\u2019Angers pendant 7 ans (2012 \u2013 2018). Il travaille avec le programme la Fabrique, en lien avec l\u2019Institut fran\u00e7ais \u00e0 Cannes entre 2012 et 2018, d\u2019abord \u00e0 la coordination, puis \u00e0 la s\u00e9lection des projets. Ces deux derni\u00e8res ann\u00e9es, il travaille au festival de Locarno en tant que Project Manager puis \u00e0 la mise en place du programme Open Doors Extended pendant 6 mois \u00e0 destination des professionnels asiatiques. En parall\u00e8le, il est programmateur international du festival d\u2019Oulan Bator en Mongolie depuis 2013.<\/p><\/div>\n\t\t\t\t<\/div>\n\t\t\t\t\t\t\t\t<\/div>\n\t\t\t\t\t\t<\/div>\n\t\t\t\t<\/div>\n\t\t\t\t\t<\/div>\n\t\t<\/div>\n\t\t\t\t<div class=\"elementor-column elementor-col-25 elementor-top-column elementor-element elementor-element-cb4d0c7\" data-id=\"cb4d0c7\" data-element_type=\"column\" data-e-type=\"column\">\n\t\t\t<div class=\"elementor-widget-wrap elementor-element-populated\">\n\t\t\t\t\t\t<div class=\"elementor-element elementor-element-d8fb502 elementor-position-top elementor-widget elementor-widget-image-box\" data-id=\"d8fb502\" data-element_type=\"widget\" data-e-type=\"widget\" data-widget_type=\"image-box.default\">\n\t\t\t\t<div class=\"elementor-widget-container\">\n\t\t\t\t\t<div class=\"elementor-image-box-wrapper\"><figure class=\"elementor-image-box-img\"><img loading=\"lazy\" decoding=\"async\" width=\"150\" height=\"150\" src=\"https:\/\/www.kometafilms.com\/wp-content\/uploads\/2022\/04\/photo-cv-1-150x150.jpg\" class=\"attachment-thumbnail size-thumbnail wp-image-1007\" alt=\"\" \/><\/figure><div class=\"elementor-image-box-content\"><h3 class=\"elementor-image-box-title\">Th\u00e9o Verzeroli<\/h3><p class=\"elementor-image-box-description\">Consultant<\/p><\/div><\/div>\t\t\t\t<\/div>\n\t\t\t\t<\/div>\n\t\t\t\t<div class=\"elementor-element elementor-element-b03a214 elementor-widget-divider--view-line elementor-widget elementor-widget-divider\" data-id=\"b03a214\" data-element_type=\"widget\" data-e-type=\"widget\" data-widget_type=\"divider.default\">\n\t\t\t\t<div class=\"elementor-widget-container\">\n\t\t\t\t\t\t\t<div class=\"elementor-divider\">\n\t\t\t<span class=\"elementor-divider-separator\">\n\t\t\t\t\t\t<\/span>\n\t\t<\/div>\n\t\t\t\t\t\t<\/div>\n\t\t\t\t<\/div>\n\t\t\t\t<div class=\"elementor-element elementor-element-30de08b elementor-widget elementor-widget-text-editor\" data-id=\"30de08b\" data-element_type=\"widget\" data-e-type=\"widget\" data-widget_type=\"text-editor.default\">\n\t\t\t\t<div class=\"elementor-widget-container\">\n\t\t\t\t\t\t\t\t\t<p>Th\u00e9o Verzeroli est dipl\u00f4m\u00e9 de l'Universit\u00e9 de la Sorbonne en Master de sc\u00e9nario et direction litt\u00e9raire. Il a rejoint Kometa Films en 2022 en tant que charg\u00e9 de d\u00e9veloppement. Auparavant, il a travaill\u00e9 \u00e0 la coordination d'\u00e9criture sur la s\u00e9rie quotidienne de TF1 et comme consultant en d\u00e9veloppement chez Initiative Film. Il est \u00e9galement lecteur pour le d\u00e9partement des s\u00e9ries originales d'Amazon Prime Video.<\/p>\t\t\t\t\t\t\t\t<\/div>\n\t\t\t\t<\/div>\n\t\t\t\t<div class=\"elementor-element elementor-element-5ecab3b elementor-widget elementor-widget-toggle\" data-id=\"5ecab3b\" data-element_type=\"widget\" data-e-type=\"widget\" data-widget_type=\"toggle.default\">\n\t\t\t\t<div class=\"elementor-widget-container\">\n\t\t\t\t\t\t\t<div class=\"elementor-toggle\">\n\t\t\t\t\t\t\t<div class=\"elementor-toggle-item\">\n\t\t\t\t\t<div id=\"elementor-tab-title-9931\" class=\"elementor-tab-title\" data-tab=\"1\" role=\"button\" aria-controls=\"elementor-tab-content-9931\" aria-expanded=\"false\">\n\t\t\t\t\t\t\t\t\t\t\t\t<span class=\"elementor-toggle-icon elementor-toggle-icon-left\" aria-hidden=\"true\">\n\t\t\t\t\t\t\t\t\t\t\t\t\t\t\t<span class=\"elementor-toggle-icon-closed\"><svg xmlns=\"http:\/\/www.w3.org\/2000\/svg\" viewbox=\"0 0 66.71 72.28\"><defs><style>.cls-1{fill:#e52922;}<\/style><\/defs><g id=\"Calque_2\" data-name=\"Calque 2\"><g id=\"Calque_1-2\" data-name=\"Calque 1\"><path class=\"cls-1\" d=\"M.62,72.28,66.71,35.13,0,0Z\"><\/path><\/g><\/g><\/svg><\/span>\n\t\t\t\t\t\t\t\t<span class=\"elementor-toggle-icon-opened\"><i class=\"elementor-toggle-icon-opened fas fa-chevron-up\"><\/i><\/span>\n\t\t\t\t\t\t\t\t\t\t\t\t\t<\/span>\n\t\t\t\t\t\t\t\t\t\t\t\t<a class=\"elementor-toggle-title\" tabindex=\"0\">Lire plus<\/a>\n\t\t\t\t\t<\/div>\n\n\t\t\t\t\t<div id=\"elementor-tab-content-9931\" class=\"elementor-tab-content elementor-clearfix\" data-tab=\"1\" role=\"region\" aria-labelledby=\"elementor-tab-title-9931\"><\/div>\n\t\t\t\t<\/div>\n\t\t\t\t\t\t\t\t<\/div>\n\t\t\t\t\t\t<\/div>\n\t\t\t\t<\/div>\n\t\t\t\t\t<\/div>\n\t\t<\/div>\n\t\t\t\t\t<\/div>\n\t\t<\/section>\n\t\t\t\t<\/div>","protected":false},"excerpt":{"rendered":"<p>Edyta Janczak-Hiriart Founder Graduated from Lodz Film School in Poland, Edyta Janczak-Hiriart holds a Master in Film Studies. She is the Founder and Manager of Kometa Films and produces feature films and audiovisual content for Tv and streaming services\/platforms. READ MORE She worked at Les Films du Worso alongside Sylvie Pialat. She is also Script [&hellip;]<\/p>\n","protected":false},"author":1,"featured_media":0,"parent":0,"menu_order":0,"comment_status":"closed","ping_status":"closed","template":"elementor_header_footer","meta":{"footnotes":""},"class_list":["post-604","page","type-page","status-publish","hentry"],"_links":{"self":[{"href":"https:\/\/www.kometafilms.com\/fr\/wp-json\/wp\/v2\/pages\/604","targetHints":{"allow":["GET"]}}],"collection":[{"href":"https:\/\/www.kometafilms.com\/fr\/wp-json\/wp\/v2\/pages"}],"about":[{"href":"https:\/\/www.kometafilms.com\/fr\/wp-json\/wp\/v2\/types\/page"}],"author":[{"embeddable":true,"href":"https:\/\/www.kometafilms.com\/fr\/wp-json\/wp\/v2\/users\/1"}],"replies":[{"embeddable":true,"href":"https:\/\/www.kometafilms.com\/fr\/wp-json\/wp\/v2\/comments?post=604"}],"version-history":[{"count":29,"href":"https:\/\/www.kometafilms.com\/fr\/wp-json\/wp\/v2\/pages\/604\/revisions"}],"predecessor-version":[{"id":2001,"href":"https:\/\/www.kometafilms.com\/fr\/wp-json\/wp\/v2\/pages\/604\/revisions\/2001"}],"wp:attachment":[{"href":"https:\/\/www.kometafilms.com\/fr\/wp-json\/wp\/v2\/media?parent=604"}],"curies":[{"name":"wp","href":"https:\/\/api.w.org\/{rel}","templated":true}]}}